{"version":"1.0","provider_name":"Black Sheep","provider_url":"https:\/\/master-crdm.parisnanterre.fr\/blacksheep","author_name":"Camille Mbaya","author_url":"https:\/\/master-crdm.parisnanterre.fr\/blacksheep\/author\/camille\/","title":"Accueil des r\u00e9fugi\u00e9s : une in\u00e9galit\u00e9 de traitement ? - Black Sheep","type":"rich","width":600,"height":338,"html":"<blockquote class=\"wp-embedded-content\" data-secret=\"SIhUlETJyY\"><a href=\"https:\/\/master-crdm.parisnanterre.fr\/blacksheep\/accueil-des-refugies-une-inegalite-de-traitement\/\">Accueil des r\u00e9fugi\u00e9s : une in\u00e9galit\u00e9 de traitement ?<\/a><\/blockquote><iframe sandbox=\"allow-scripts\" security=\"restricted\" src=\"https:\/\/master-crdm.parisnanterre.fr\/blacksheep\/accueil-des-refugies-une-inegalite-de-traitement\/embed\/#?secret=SIhUlETJyY\" width=\"600\" height=\"338\" title=\"\u00ab\u00a0Accueil des r\u00e9fugi\u00e9s : une in\u00e9galit\u00e9 de traitement ?\u00a0\u00bb &#8212; Black Sheep\" data-secret=\"SIhUlETJyY\" frameborder=\"0\" marginwidth=\"0\" marginheight=\"0\" scrolling=\"no\" class=\"wp-embedded-content\"><\/iframe><script>\n\/*! This file is auto-generated *\/\n!function(d,l){\"use strict\";l.querySelector&&d.addEventListener&&\"undefined\"!=typeof URL&&(d.wp=d.wp||{},d.wp.receiveEmbedMessage||(d.wp.receiveEmbedMessage=function(e){var t=e.data;if((t||t.secret||t.message||t.value)&&!\/[^a-zA-Z0-9]\/.test(t.secret)){for(var s,r,n,a=l.querySelectorAll('iframe[data-secret=\"'+t.secret+'\"]'),o=l.querySelectorAll('blockquote[data-secret=\"'+t.secret+'\"]'),c=new RegExp(\"^https?:$\",\"i\"),i=0;i<o.length;i++)o[i].style.display=\"none\";for(i=0;i<a.length;i++)s=a[i],e.source===s.contentWindow&&(s.removeAttribute(\"style\"),\"height\"===t.message?(1e3<(r=parseInt(t.value,10))?r=1e3:~~r<200&&(r=200),s.height=r):\"link\"===t.message&&(r=new URL(s.getAttribute(\"src\")),n=new URL(t.value),c.test(n.protocol))&&n.host===r.host&&l.activeElement===s&&(d.top.location.href=t.value))}},d.addEventListener(\"message\",d.wp.receiveEmbedMessage,!1),l.addEventListener(\"DOMContentLoaded\",function(){for(var e,t,s=l.querySelectorAll(\"iframe.wp-embedded-content\"),r=0;r<s.length;r++)(t=(e=s[r]).getAttribute(\"data-secret\"))||(t=Math.random().toString(36).substring(2,12),e.src+=\"#?secret=\"+t,e.setAttribute(\"data-secret\",t)),e.contentWindow.postMessage({message:\"ready\",secret:t},\"*\")},!1)))}(window,document);\n\/\/# sourceURL=https:\/\/master-crdm.parisnanterre.fr\/blacksheep\/wp-includes\/js\/wp-embed.min.js\n<\/script>\n","thumbnail_url":"https:\/\/master-crdm.parisnanterre.fr\/blacksheep\/wp-content\/uploads\/2025\/01\/pexels-alain-nkingi-290332318-14432262-scaled.jpg","thumbnail_width":2560,"thumbnail_height":1920,"description":"Depuis l\u2019annexion de l\u2019Ukraine par la Russie en f\u00e9vrier 2022, des millions de r\u00e9fugi\u00e9s ukrainiens et \u00e9trangers fuient leur pays pour \u00e9chapper aux violences. Si les membres de l\u2019Union europ\u00e9enne ont mis en place des conditions exceptionnelles d\u2019accueil, ce n\u2019est pas le cas pour les ressortissants non-europ\u00e9ens qui d\u00e9noncent des discriminations graves. Retour sur les t\u00e9moignages poignants de ces personnes en qu\u00eate de refuge et de s\u00e9curit\u00e9."}